{"id":1354,"date":"2021-08-05T11:01:00","date_gmt":"2021-08-05T09:01:00","guid":{"rendered":"https:\/\/feuerwehrwoerth.de\/wordpress\/?post_type=einsatz&#038;p=1354"},"modified":"2021-10-04T18:18:52","modified_gmt":"2021-10-04T16:18:52","slug":"brennt-maehdrescher","status":"publish","type":"einsatz","link":"https:\/\/feuerwehrwoerth.de\/index.php\/einsatzberichte\/brennt-maehdrescher\/","title":{"rendered":"Brennt M\u00e4hdrescher"},"content":{"rendered":"\n<p>Zusammen mit den Feuerwehren der VG Kandel wurden die Einsatzkr\u00e4fte der Einheit Schaidt zum gemeldeten Brand eines M\u00e4hdreschers, zwischen Vollmersweiler und Dierbach alarmiert. Beim eintreffen der ersten Kr\u00e4fte Stand die Fahrerkabine sowie der Motor in Vollbrand. Durch den Einsatz von 2 Strahlrohren konnte der Brand z\u00fcgig auf das vorgefundene Ma\u00df begrenzt werden. Nach dem der Brand gr\u00f6\u00dftenteils gel\u00f6scht war, waren noch umfangreiche Nachl\u00f6scharbeiten notwendig. Um einen Schwelbrand zu auszuschlie\u00dfen musste der Kornspeicher geleert werden.<br>Heute hat sich gezeigt wie wichtig die Kommunen \u00fcbergreifende Alarmierung sein kann, wir bedanken uns bei Feuerwehr Kandel f\u00fcr die hervorragend Zusammenarbeit!<\/p>\n\n\n\n<figure class=\"wp-block-image size-large\"><img decoding=\"async\" src=\"https:\/\/feuerwehrwoerth.de\/wp-content\/uploads\/2021\/09\/2021-08-05.jpg\" alt=\"\"\/><\/figure>\n","protected":false},"author":1,"featured_media":2659,"template":"","meta":{"advgb_blocks_editor_width":"","advgb_blocks_columns_visual_guide":"","ngg_post_thumbnail":0,"einsatz_weight":1,"footnotes":""},"categories":[],"einsatzart":[4],"fahrzeug":[25,27,48],"exteinsatzmittel":[50],"alarmierungsart":[],"evw_unit":[43,45],"class_list":["post-1354","einsatz","type-einsatz","status-publish","has-post-thumbnail","hentry","einsatzart-brand","fahrzeug-tlf-16-25-schaidt","fahrzeug-mtf-schaidt","fahrzeug-fez","exteinsatzmittel-feuerwehr-kandel","evw_unit-woerth-am-rhein","evw_unit-schaidt"],"featured_img":"https:\/\/feuerwehrwoerth.de\/wp-content\/uploads\/2021\/12\/facheinheit-atemschutz-artikelbild-e1681295506351.jpg","coauthors":[],"author_meta":{"author_link":"https:\/\/feuerwehrwoerth.de\/index.php\/author\/chris\/","display_name":"Christian"},"relative_dates":{"created":"Posted 5\u00a0Jahren ago","modified":"Updated 5\u00a0Jahren ago"},"absolute_dates":{"created":"Posted on 5. August 2021","modified":"Updated on 4. Oktober 2021"},"absolute_dates_time":{"created":"Posted on 5. August 2021 11:01","modified":"Updated on 4. Oktober 2021 18:18"},"featured_img_caption":"","tax_additional":{"category":{"linked":[],"unlinked":[],"slug":"category","name":"Kategorien"},"einsatzart":{"linked":["<a href=\"https:\/\/feuerwehrwoerth.de\/index.php\/einsatzart\/brand\/\" class=\"advgb-post-tax-term\">Brand<\/a>"],"unlinked":["<span class=\"advgb-post-tax-term\">Brand<\/span>"],"slug":"einsatzart","name":"Einsatzarten"},"fahrzeug":{"linked":["<a href=\"https:\/\/feuerwehrwoerth.de\/index.php\/fahrzeug\/tlf-16-25-schaidt\/\" class=\"advgb-post-tax-term\">3\/23 (TLF 16\/25)<\/a>","<a href=\"https:\/\/feuerwehrwoerth.de\/index.php\/fahrzeug\/mtf-schaidt\/\" class=\"advgb-post-tax-term\">3\/19 (MTF)<\/a>","<a href=\"https:\/\/feuerwehrwoerth.de\/index.php\/fahrzeug\/fez\/\" class=\"advgb-post-tax-term\">FEZ<\/a>"],"unlinked":["<span class=\"advgb-post-tax-term\">3\/23 (TLF 16\/25)<\/span>","<span class=\"advgb-post-tax-term\">3\/19 (MTF)<\/span>","<span class=\"advgb-post-tax-term\">FEZ<\/span>"],"slug":"fahrzeug","name":"Fahrzeuge"},"exteinsatzmittel":{"linked":["<a href=\"https:\/\/feuerwehrwoerth.de\/index.php\/externe-einsatzmittel\/feuerwehr-kandel\/\" class=\"advgb-post-tax-term\">Feuerwehr Kandel<\/a>"],"unlinked":["<span class=\"advgb-post-tax-term\">Feuerwehr Kandel<\/span>"],"slug":"exteinsatzmittel","name":"Externe Einsatzmittel"},"alarmierungsart":{"linked":[],"unlinked":[],"slug":"alarmierungsart","name":"Alarmierungsarten"},"evw_unit":{"linked":["<a href=\"https:\/\/feuerwehrwoerth.de\/index.php\/evw_unit\/woerth-am-rhein\/\" class=\"advgb-post-tax-term\">W\u00f6rth<\/a>","<a href=\"https:\/\/feuerwehrwoerth.de\/index.php\/evw_unit\/schaidt\/\" class=\"advgb-post-tax-term\">Schaidt<\/a>"],"unlinked":["<span class=\"advgb-post-tax-term\">W\u00f6rth<\/span>","<span class=\"advgb-post-tax-term\">Schaidt<\/span>"],"slug":"evw_unit","name":"Einheiten"}},"series_order":"","jetpack_sharing_enabled":true,"_links":{"self":[{"href":"https:\/\/feuerwehrwoerth.de\/index.php\/wp-json\/wp\/v2\/einsatz\/1354","targetHints":{"allow":["GET"]}}],"collection":[{"href":"https:\/\/feuerwehrwoerth.de\/index.php\/wp-json\/wp\/v2\/einsatz"}],"about":[{"href":"https:\/\/feuerwehrwoerth.de\/index.php\/wp-json\/wp\/v2\/types\/einsatz"}],"author":[{"embeddable":true,"href":"https:\/\/feuerwehrwoerth.de\/index.php\/wp-json\/wp\/v2\/users\/1"}],"version-history":[{"count":3,"href":"https:\/\/feuerwehrwoerth.de\/index.php\/wp-json\/wp\/v2\/einsatz\/1354\/revisions"}],"predecessor-version":[{"id":1807,"href":"https:\/\/feuerwehrwoerth.de\/index.php\/wp-json\/wp\/v2\/einsatz\/1354\/revisions\/1807"}],"wp:featuredmedia":[{"embeddable":true,"href":"https:\/\/feuerwehrwoerth.de\/index.php\/wp-json\/wp\/v2\/media\/2659"}],"wp:attachment":[{"href":"https:\/\/feuerwehrwoerth.de\/index.php\/wp-json\/wp\/v2\/media?parent=1354"}],"wp:term":[{"taxonomy":"category","embeddable":true,"href":"https:\/\/feuerwehrwoerth.de\/index.php\/wp-json\/wp\/v2\/categories?post=1354"},{"taxonomy":"einsatzart","embeddable":true,"href":"https:\/\/feuerwehrwoerth.de\/index.php\/wp-json\/wp\/v2\/einsatzart?post=1354"},{"taxonomy":"fahrzeug","embeddable":true,"href":"https:\/\/feuerwehrwoerth.de\/index.php\/wp-json\/wp\/v2\/fahrzeug?post=1354"},{"taxonomy":"exteinsatzmittel","embeddable":true,"href":"https:\/\/feuerwehrwoerth.de\/index.php\/wp-json\/wp\/v2\/exteinsatzmittel?post=1354"},{"taxonomy":"alarmierungsart","embeddable":true,"href":"https:\/\/feuerwehrwoerth.de\/index.php\/wp-json\/wp\/v2\/alarmierungsart?post=1354"},{"taxonomy":"evw_unit","embeddable":true,"href":"https:\/\/feuerwehrwoerth.de\/index.php\/wp-json\/wp\/v2\/evw_unit?post=1354"}],"curies":[{"name":"wp","href":"https:\/\/api.w.org\/{rel}","templated":true}]}}