{"id":1448,"date":"2021-03-06T16:49:00","date_gmt":"2021-03-06T15:49:00","guid":{"rendered":"https:\/\/feuerwehrwoerth.de\/wordpress\/?post_type=einsatz&#038;p=1448"},"modified":"2021-09-26T15:01:54","modified_gmt":"2021-09-26T13:01:54","slug":"unklare-rauchentwicklung-3","status":"publish","type":"einsatz","link":"https:\/\/feuerwehrwoerth.de\/index.php\/einsatzberichte\/unklare-rauchentwicklung-3\/","title":{"rendered":"Unklare Rauchentwicklung"},"content":{"rendered":"\n<p>Zum zweiten mal an diesem Tag wurden wir dieses mal zusammen mit der Feuerwehr Maximiliansau zu einer gemeldeten Rauchentwicklung am Schulzentrum in W\u00f6rth alarmiert. Ein aufmerksamer Anwohner bemerkte eine Rauchentwicklung im Dachbereich eines Schulgeb\u00e4udes. An der Einsatzstelle eingetroffen konnte allerdings z\u00fcgig Entwarnung gegeben werden, die Rauchentwicklung erwies sich als Staub der bei Schleifarbeiten entstand.<\/p>\n","protected":false},"author":1,"featured_media":2659,"template":"","meta":{"advgb_blocks_editor_width":"","advgb_blocks_columns_visual_guide":"","ngg_post_thumbnail":0,"einsatz_weight":1,"footnotes":""},"categories":[],"einsatzart":[4],"fahrzeug":[3,15,17,22,48],"exteinsatzmittel":[],"alarmierungsart":[],"evw_unit":[43,44],"class_list":["post-1448","einsatz","type-einsatz","status-publish","has-post-thumbnail","hentry","einsatzart-brand","fahrzeug-hlf-20-16","fahrzeug-elw-1","fahrzeug-dlk-23-12","fahrzeug-lf-10-6-maximiliansau","fahrzeug-fez","evw_unit-woerth-am-rhein","evw_unit-maximiliansau"],"featured_img":"https:\/\/feuerwehrwoerth.de\/wp-content\/uploads\/2021\/12\/facheinheit-atemschutz-artikelbild-e1681295506351.jpg","coauthors":[],"author_meta":{"author_link":"https:\/\/feuerwehrwoerth.de\/index.php\/author\/chris\/","display_name":"Christian"},"relative_dates":{"created":"Posted 5\u00a0Jahren ago","modified":"Updated 5\u00a0Jahren ago"},"absolute_dates":{"created":"Posted on 6. M\u00e4rz 2021","modified":"Updated on 26. September 2021"},"absolute_dates_time":{"created":"Posted on 6. M\u00e4rz 2021 16:49","modified":"Updated on 26. September 2021 15:01"},"featured_img_caption":"","tax_additional":{"category":{"linked":[],"unlinked":[],"slug":"category","name":"Kategorien"},"einsatzart":{"linked":["<a href=\"https:\/\/feuerwehrwoerth.de\/index.php\/einsatzart\/brand\/\" class=\"advgb-post-tax-term\">Brand<\/a>"],"unlinked":["<span class=\"advgb-post-tax-term\">Brand<\/span>"],"slug":"einsatzart","name":"Einsatzarten"},"fahrzeug":{"linked":["<a href=\"https:\/\/feuerwehrwoerth.de\/index.php\/fahrzeug\/hlf-20-16\/\" class=\"advgb-post-tax-term\">1\/46 (HLF 20\/16)<\/a>","<a href=\"https:\/\/feuerwehrwoerth.de\/index.php\/fahrzeug\/elw-1\/\" class=\"advgb-post-tax-term\">1\/11 (ELW 1)<\/a>","<a href=\"https:\/\/feuerwehrwoerth.de\/index.php\/fahrzeug\/dlk-23-12\/\" class=\"advgb-post-tax-term\">1\/34 (DL(A)K 23\/12)<\/a>","<a href=\"https:\/\/feuerwehrwoerth.de\/index.php\/fahrzeug\/lf-10-6-maximiliansau\/\" class=\"advgb-post-tax-term\">2\/44\/1 (LF 10\/6)<\/a>","<a href=\"https:\/\/feuerwehrwoerth.de\/index.php\/fahrzeug\/fez\/\" class=\"advgb-post-tax-term\">FEZ<\/a>"],"unlinked":["<span class=\"advgb-post-tax-term\">1\/46 (HLF 20\/16)<\/span>","<span class=\"advgb-post-tax-term\">1\/11 (ELW 1)<\/span>","<span class=\"advgb-post-tax-term\">1\/34 (DL(A)K 23\/12)<\/span>","<span class=\"advgb-post-tax-term\">2\/44\/1 (LF 10\/6)<\/span>","<span class=\"advgb-post-tax-term\">FEZ<\/span>"],"slug":"fahrzeug","name":"Fahrzeuge"},"exteinsatzmittel":{"linked":[],"unlinked":[],"slug":"exteinsatzmittel","name":"Externe Einsatzmittel"},"alarmierungsart":{"linked":[],"unlinked":[],"slug":"alarmierungsart","name":"Alarmierungsarten"},"evw_unit":{"linked":["<a href=\"https:\/\/feuerwehrwoerth.de\/index.php\/evw_unit\/woerth-am-rhein\/\" class=\"advgb-post-tax-term\">W\u00f6rth<\/a>","<a href=\"https:\/\/feuerwehrwoerth.de\/index.php\/evw_unit\/maximiliansau\/\" class=\"advgb-post-tax-term\">Maximiliansau<\/a>"],"unlinked":["<span class=\"advgb-post-tax-term\">W\u00f6rth<\/span>","<span class=\"advgb-post-tax-term\">Maximiliansau<\/span>"],"slug":"evw_unit","name":"Einheiten"}},"series_order":"","jetpack_sharing_enabled":true,"_links":{"self":[{"href":"https:\/\/feuerwehrwoerth.de\/index.php\/wp-json\/wp\/v2\/einsatz\/1448","targetHints":{"allow":["GET"]}}],"collection":[{"href":"https:\/\/feuerwehrwoerth.de\/index.php\/wp-json\/wp\/v2\/einsatz"}],"about":[{"href":"https:\/\/feuerwehrwoerth.de\/index.php\/wp-json\/wp\/v2\/types\/einsatz"}],"author":[{"embeddable":true,"href":"https:\/\/feuerwehrwoerth.de\/index.php\/wp-json\/wp\/v2\/users\/1"}],"version-history":[{"count":1,"href":"https:\/\/feuerwehrwoerth.de\/index.php\/wp-json\/wp\/v2\/einsatz\/1448\/revisions"}],"predecessor-version":[{"id":1449,"href":"https:\/\/feuerwehrwoerth.de\/index.php\/wp-json\/wp\/v2\/einsatz\/1448\/revisions\/1449"}],"wp:featuredmedia":[{"embeddable":true,"href":"https:\/\/feuerwehrwoerth.de\/index.php\/wp-json\/wp\/v2\/media\/2659"}],"wp:attachment":[{"href":"https:\/\/feuerwehrwoerth.de\/index.php\/wp-json\/wp\/v2\/media?parent=1448"}],"wp:term":[{"taxonomy":"category","embeddable":true,"href":"https:\/\/feuerwehrwoerth.de\/index.php\/wp-json\/wp\/v2\/categories?post=1448"},{"taxonomy":"einsatzart","embeddable":true,"href":"https:\/\/feuerwehrwoerth.de\/index.php\/wp-json\/wp\/v2\/einsatzart?post=1448"},{"taxonomy":"fahrzeug","embeddable":true,"href":"https:\/\/feuerwehrwoerth.de\/index.php\/wp-json\/wp\/v2\/fahrzeug?post=1448"},{"taxonomy":"exteinsatzmittel","embeddable":true,"href":"https:\/\/feuerwehrwoerth.de\/index.php\/wp-json\/wp\/v2\/exteinsatzmittel?post=1448"},{"taxonomy":"alarmierungsart","embeddable":true,"href":"https:\/\/feuerwehrwoerth.de\/index.php\/wp-json\/wp\/v2\/alarmierungsart?post=1448"},{"taxonomy":"evw_unit","embeddable":true,"href":"https:\/\/feuerwehrwoerth.de\/index.php\/wp-json\/wp\/v2\/evw_unit?post=1448"}],"curies":[{"name":"wp","href":"https:\/\/api.w.org\/{rel}","templated":true}]}}