{"id":3311,"date":"2022-03-06T07:45:00","date_gmt":"2022-03-06T06:45:00","guid":{"rendered":"https:\/\/feuerwehrwoerth.de\/?post_type=einsatz&#038;p=3311"},"modified":"2022-03-08T10:01:16","modified_gmt":"2022-03-08T09:01:16","slug":"rauchentwicklung-nach-brandnachschau-2","status":"publish","type":"einsatz","link":"https:\/\/feuerwehrwoerth.de\/index.php\/einsatzberichte\/rauchentwicklung-nach-brandnachschau-2\/","title":{"rendered":"Rauchentwicklung nach Brandnachschau"},"content":{"rendered":"\n<p>Bei der morgendlichen Brandnachschau wurde erneut Rauchentwicklung an der <a href=\"https:\/\/feuerwehrwoerth.de\/index.php\/einsatzberichte\/dehnungsfugenbrand\/\" class=\"ek-link\">Einsatzstelle<\/a> festgestellt. Das machte weitere umfangreiche Ma\u00dfnahmen erforderlich. Mit Unterst\u00fctzung der Kameraden aus B\u00fcchelberg wurden weitere Teile der Au\u00dfenfassade entfernt, so dass die Dehnfuge nun rundum frei gelegt wurde. Mit der Hochdruckl\u00f6schlanze, die uns von der Berufsfeuerwehr Karlsruhe zur Verf\u00fcgung gestellt wurde, konnten weitere Glutnester bek\u00e4mpft werden. Gegen 13:20 Uhr konnte die Einsatzstelle verlassen werden.<\/p>\n","protected":false},"author":1,"featured_media":3327,"template":"","meta":{"advgb_blocks_editor_width":"","advgb_blocks_columns_visual_guide":"","ngg_post_thumbnail":0,"einsatz_weight":1,"footnotes":""},"categories":[],"einsatzart":[4],"fahrzeug":[3,15,17,29,48,81],"exteinsatzmittel":[9],"alarmierungsart":[],"evw_unit":[43,46],"class_list":["post-3311","einsatz","type-einsatz","status-publish","has-post-thumbnail","hentry","einsatzart-brand","fahrzeug-hlf-20-16","fahrzeug-elw-1","fahrzeug-dlk-23-12","fahrzeug-mtf-buechelberg","fahrzeug-fez","fahrzeug-mzf-woerth","exteinsatzmittel-polizei","evw_unit-woerth-am-rhein","evw_unit-buechelberg"],"featured_img":"https:\/\/feuerwehrwoerth.de\/wp-content\/uploads\/2022\/03\/dehnfugenbrand-titelbild.jpg","coauthors":[],"author_meta":{"author_link":"https:\/\/feuerwehrwoerth.de\/index.php\/author\/chris\/","display_name":"Christian"},"relative_dates":{"created":"Posted 4\u00a0Jahren ago","modified":"Updated 4\u00a0Jahren ago"},"absolute_dates":{"created":"Posted on 6. M\u00e4rz 2022","modified":"Updated on 8. M\u00e4rz 2022"},"absolute_dates_time":{"created":"Posted on 6. M\u00e4rz 2022 7:45","modified":"Updated on 8. M\u00e4rz 2022 10:01"},"featured_img_caption":"","tax_additional":{"category":{"linked":[],"unlinked":[],"slug":"category","name":"Kategorien"},"einsatzart":{"linked":["<a href=\"https:\/\/feuerwehrwoerth.de\/index.php\/einsatzart\/brand\/\" class=\"advgb-post-tax-term\">Brand<\/a>"],"unlinked":["<span class=\"advgb-post-tax-term\">Brand<\/span>"],"slug":"einsatzart","name":"Einsatzarten"},"fahrzeug":{"linked":["<a href=\"https:\/\/feuerwehrwoerth.de\/index.php\/fahrzeug\/hlf-20-16\/\" class=\"advgb-post-tax-term\">1\/46 (HLF 20\/16)<\/a>","<a href=\"https:\/\/feuerwehrwoerth.de\/index.php\/fahrzeug\/elw-1\/\" class=\"advgb-post-tax-term\">1\/11 (ELW 1)<\/a>","<a href=\"https:\/\/feuerwehrwoerth.de\/index.php\/fahrzeug\/dlk-23-12\/\" class=\"advgb-post-tax-term\">1\/34 (DL(A)K 23\/12)<\/a>","<a href=\"https:\/\/feuerwehrwoerth.de\/index.php\/fahrzeug\/mtf-buechelberg\/\" class=\"advgb-post-tax-term\">4\/19 (MTF)<\/a>","<a href=\"https:\/\/feuerwehrwoerth.de\/index.php\/fahrzeug\/fez\/\" class=\"advgb-post-tax-term\">FEZ<\/a>","<a href=\"https:\/\/feuerwehrwoerth.de\/index.php\/fahrzeug\/mzf-woerth\/\" class=\"advgb-post-tax-term\">1\/71 (MZF 1)<\/a>"],"unlinked":["<span class=\"advgb-post-tax-term\">1\/46 (HLF 20\/16)<\/span>","<span class=\"advgb-post-tax-term\">1\/11 (ELW 1)<\/span>","<span class=\"advgb-post-tax-term\">1\/34 (DL(A)K 23\/12)<\/span>","<span class=\"advgb-post-tax-term\">4\/19 (MTF)<\/span>","<span class=\"advgb-post-tax-term\">FEZ<\/span>","<span class=\"advgb-post-tax-term\">1\/71 (MZF 1)<\/span>"],"slug":"fahrzeug","name":"Fahrzeuge"},"exteinsatzmittel":{"linked":["<a href=\"https:\/\/feuerwehrwoerth.de\/index.php\/externe-einsatzmittel\/polizei\/\" class=\"advgb-post-tax-term\">Polizei<\/a>"],"unlinked":["<span class=\"advgb-post-tax-term\">Polizei<\/span>"],"slug":"exteinsatzmittel","name":"Externe Einsatzmittel"},"alarmierungsart":{"linked":[],"unlinked":[],"slug":"alarmierungsart","name":"Alarmierungsarten"},"evw_unit":{"linked":["<a href=\"https:\/\/feuerwehrwoerth.de\/index.php\/evw_unit\/woerth-am-rhein\/\" class=\"advgb-post-tax-term\">W\u00f6rth<\/a>","<a href=\"https:\/\/feuerwehrwoerth.de\/index.php\/evw_unit\/buechelberg\/\" class=\"advgb-post-tax-term\">B\u00fcchelberg<\/a>"],"unlinked":["<span class=\"advgb-post-tax-term\">W\u00f6rth<\/span>","<span class=\"advgb-post-tax-term\">B\u00fcchelberg<\/span>"],"slug":"evw_unit","name":"Einheiten"}},"series_order":"","jetpack_sharing_enabled":true,"_links":{"self":[{"href":"https:\/\/feuerwehrwoerth.de\/index.php\/wp-json\/wp\/v2\/einsatz\/3311","targetHints":{"allow":["GET"]}}],"collection":[{"href":"https:\/\/feuerwehrwoerth.de\/index.php\/wp-json\/wp\/v2\/einsatz"}],"about":[{"href":"https:\/\/feuerwehrwoerth.de\/index.php\/wp-json\/wp\/v2\/types\/einsatz"}],"author":[{"embeddable":true,"href":"https:\/\/feuerwehrwoerth.de\/index.php\/wp-json\/wp\/v2\/users\/1"}],"version-history":[{"count":5,"href":"https:\/\/feuerwehrwoerth.de\/index.php\/wp-json\/wp\/v2\/einsatz\/3311\/revisions"}],"predecessor-version":[{"id":3336,"href":"https:\/\/feuerwehrwoerth.de\/index.php\/wp-json\/wp\/v2\/einsatz\/3311\/revisions\/3336"}],"wp:featuredmedia":[{"embeddable":true,"href":"https:\/\/feuerwehrwoerth.de\/index.php\/wp-json\/wp\/v2\/media\/3327"}],"wp:attachment":[{"href":"https:\/\/feuerwehrwoerth.de\/index.php\/wp-json\/wp\/v2\/media?parent=3311"}],"wp:term":[{"taxonomy":"category","embeddable":true,"href":"https:\/\/feuerwehrwoerth.de\/index.php\/wp-json\/wp\/v2\/categories?post=3311"},{"taxonomy":"einsatzart","embeddable":true,"href":"https:\/\/feuerwehrwoerth.de\/index.php\/wp-json\/wp\/v2\/einsatzart?post=3311"},{"taxonomy":"fahrzeug","embeddable":true,"href":"https:\/\/feuerwehrwoerth.de\/index.php\/wp-json\/wp\/v2\/fahrzeug?post=3311"},{"taxonomy":"exteinsatzmittel","embeddable":true,"href":"https:\/\/feuerwehrwoerth.de\/index.php\/wp-json\/wp\/v2\/exteinsatzmittel?post=3311"},{"taxonomy":"alarmierungsart","embeddable":true,"href":"https:\/\/feuerwehrwoerth.de\/index.php\/wp-json\/wp\/v2\/alarmierungsart?post=3311"},{"taxonomy":"evw_unit","embeddable":true,"href":"https:\/\/feuerwehrwoerth.de\/index.php\/wp-json\/wp\/v2\/evw_unit?post=3311"}],"curies":[{"name":"wp","href":"https:\/\/api.w.org\/{rel}","templated":true}]}}