{"id":3342,"date":"2022-03-13T23:55:00","date_gmt":"2022-03-13T22:55:00","guid":{"rendered":"https:\/\/feuerwehrwoerth.de\/?post_type=einsatz&#038;p=3342"},"modified":"2022-03-14T16:27:46","modified_gmt":"2022-03-14T15:27:46","slug":"gebaeudebrand-gross","status":"publish","type":"einsatz","link":"https:\/\/feuerwehrwoerth.de\/index.php\/einsatzberichte\/gebaeudebrand-gross\/","title":{"rendered":"Geb\u00e4udebrand gro\u00df"},"content":{"rendered":"\n<p>Zur <a href=\"http:\/\/www.feuerwehr-kandel.de\/index.php\/portfolio-4\/einsaetze-2022\/einsatzbericht\/733\" class=\"ek-link\">Unterst\u00fctzung der Feuerwehren der Stadt Kandel<\/a> wurden wir heute Nacht nach Winden alarmiert. Auf einem landwirtschaftlichen Anwesen war es zu einem gemeldeten Dachstuhlbrand gekommen. Auf Anforderung durch den Einsatzleiter unterst\u00fctzten wir mit wasserf\u00fchrenden Fahrzeugen bei der Brandbek\u00e4mpfung. Gegen 02:30 Uhr konnten wir aus dem Einsatz herausgel\u00f6st werden.<\/p>\n","protected":false},"author":1,"featured_media":3343,"template":"","meta":{"advgb_blocks_editor_width":"","advgb_blocks_columns_visual_guide":"","ngg_post_thumbnail":0,"einsatz_weight":1,"footnotes":""},"categories":[],"einsatzart":[4],"fahrzeug":[3,30,37,48],"exteinsatzmittel":[9,10,50,66,96,97,98],"alarmierungsart":[],"evw_unit":[43],"class_list":["post-3342","einsatz","type-einsatz","status-publish","has-post-thumbnail","hentry","einsatzart-brand","fahrzeug-hlf-20-16","fahrzeug-ab-tank","fahrzeug-wlf","fahrzeug-fez","exteinsatzmittel-polizei","exteinsatzmittel-rettungsdienst","exteinsatzmittel-feuerwehr-kandel","exteinsatzmittel-lbm","exteinsatzmittel-feuerwehr-bad-bergzabern","exteinsatzmittel-seg-b","exteinsatzmittel-seg-v","evw_unit-woerth-am-rhein"],"featured_img":"https:\/\/feuerwehrwoerth.de\/wp-content\/uploads\/2022\/03\/gebaeudebrand-20220313.jpg","coauthors":[],"author_meta":{"author_link":"https:\/\/feuerwehrwoerth.de\/index.php\/author\/chris\/","display_name":"Christian"},"relative_dates":{"created":"Posted 4\u00a0Jahren ago","modified":"Updated 4\u00a0Jahren ago"},"absolute_dates":{"created":"Posted on 13. M\u00e4rz 2022","modified":"Updated on 14. M\u00e4rz 2022"},"absolute_dates_time":{"created":"Posted on 13. M\u00e4rz 2022 23:55","modified":"Updated on 14. M\u00e4rz 2022 16:27"},"featured_img_caption":"","tax_additional":{"category":{"linked":[],"unlinked":[],"slug":"category","name":"Kategorien"},"einsatzart":{"linked":["<a href=\"https:\/\/feuerwehrwoerth.de\/index.php\/einsatzart\/brand\/\" class=\"advgb-post-tax-term\">Brand<\/a>"],"unlinked":["<span class=\"advgb-post-tax-term\">Brand<\/span>"],"slug":"einsatzart","name":"Einsatzarten"},"fahrzeug":{"linked":["<a href=\"https:\/\/feuerwehrwoerth.de\/index.php\/fahrzeug\/hlf-20-16\/\" class=\"advgb-post-tax-term\">1\/46 (HLF 20\/16)<\/a>","<a href=\"https:\/\/feuerwehrwoerth.de\/index.php\/fahrzeug\/ab-tank\/\" class=\"advgb-post-tax-term\">AB-Tank<\/a>","<a href=\"https:\/\/feuerwehrwoerth.de\/index.php\/fahrzeug\/wlf\/\" class=\"advgb-post-tax-term\">1\/65 (WLF)<\/a>","<a href=\"https:\/\/feuerwehrwoerth.de\/index.php\/fahrzeug\/fez\/\" class=\"advgb-post-tax-term\">FEZ<\/a>"],"unlinked":["<span class=\"advgb-post-tax-term\">1\/46 (HLF 20\/16)<\/span>","<span class=\"advgb-post-tax-term\">AB-Tank<\/span>","<span class=\"advgb-post-tax-term\">1\/65 (WLF)<\/span>","<span class=\"advgb-post-tax-term\">FEZ<\/span>"],"slug":"fahrzeug","name":"Fahrzeuge"},"exteinsatzmittel":{"linked":["<a href=\"https:\/\/feuerwehrwoerth.de\/index.php\/externe-einsatzmittel\/polizei\/\" class=\"advgb-post-tax-term\">Polizei<\/a>","<a href=\"https:\/\/feuerwehrwoerth.de\/index.php\/externe-einsatzmittel\/rettungsdienst\/\" class=\"advgb-post-tax-term\">Rettungsdienst<\/a>","<a href=\"https:\/\/feuerwehrwoerth.de\/index.php\/externe-einsatzmittel\/feuerwehr-kandel\/\" class=\"advgb-post-tax-term\">Feuerwehr Kandel<\/a>","<a href=\"https:\/\/feuerwehrwoerth.de\/index.php\/externe-einsatzmittel\/lbm\/\" class=\"advgb-post-tax-term\">LBM<\/a>","<a href=\"https:\/\/feuerwehrwoerth.de\/index.php\/externe-einsatzmittel\/feuerwehr-bad-bergzabern\/\" class=\"advgb-post-tax-term\">Feuerwehr Bad Bergzabern<\/a>","<a href=\"https:\/\/feuerwehrwoerth.de\/index.php\/externe-einsatzmittel\/seg-b\/\" class=\"advgb-post-tax-term\">SEG-B<\/a>","<a href=\"https:\/\/feuerwehrwoerth.de\/index.php\/externe-einsatzmittel\/seg-v\/\" class=\"advgb-post-tax-term\">SEG-V<\/a>"],"unlinked":["<span class=\"advgb-post-tax-term\">Polizei<\/span>","<span class=\"advgb-post-tax-term\">Rettungsdienst<\/span>","<span class=\"advgb-post-tax-term\">Feuerwehr Kandel<\/span>","<span class=\"advgb-post-tax-term\">LBM<\/span>","<span class=\"advgb-post-tax-term\">Feuerwehr Bad Bergzabern<\/span>","<span class=\"advgb-post-tax-term\">SEG-B<\/span>","<span class=\"advgb-post-tax-term\">SEG-V<\/span>"],"slug":"exteinsatzmittel","name":"Externe Einsatzmittel"},"alarmierungsart":{"linked":[],"unlinked":[],"slug":"alarmierungsart","name":"Alarmierungsarten"},"evw_unit":{"linked":["<a href=\"https:\/\/feuerwehrwoerth.de\/index.php\/evw_unit\/woerth-am-rhein\/\" class=\"advgb-post-tax-term\">W\u00f6rth<\/a>"],"unlinked":["<span class=\"advgb-post-tax-term\">W\u00f6rth<\/span>"],"slug":"evw_unit","name":"Einheiten"}},"series_order":"","jetpack_sharing_enabled":true,"_links":{"self":[{"href":"https:\/\/feuerwehrwoerth.de\/index.php\/wp-json\/wp\/v2\/einsatz\/3342","targetHints":{"allow":["GET"]}}],"collection":[{"href":"https:\/\/feuerwehrwoerth.de\/index.php\/wp-json\/wp\/v2\/einsatz"}],"about":[{"href":"https:\/\/feuerwehrwoerth.de\/index.php\/wp-json\/wp\/v2\/types\/einsatz"}],"author":[{"embeddable":true,"href":"https:\/\/feuerwehrwoerth.de\/index.php\/wp-json\/wp\/v2\/users\/1"}],"version-history":[{"count":2,"href":"https:\/\/feuerwehrwoerth.de\/index.php\/wp-json\/wp\/v2\/einsatz\/3342\/revisions"}],"predecessor-version":[{"id":3352,"href":"https:\/\/feuerwehrwoerth.de\/index.php\/wp-json\/wp\/v2\/einsatz\/3342\/revisions\/3352"}],"wp:featuredmedia":[{"embeddable":true,"href":"https:\/\/feuerwehrwoerth.de\/index.php\/wp-json\/wp\/v2\/media\/3343"}],"wp:attachment":[{"href":"https:\/\/feuerwehrwoerth.de\/index.php\/wp-json\/wp\/v2\/media?parent=3342"}],"wp:term":[{"taxonomy":"category","embeddable":true,"href":"https:\/\/feuerwehrwoerth.de\/index.php\/wp-json\/wp\/v2\/categories?post=3342"},{"taxonomy":"einsatzart","embeddable":true,"href":"https:\/\/feuerwehrwoerth.de\/index.php\/wp-json\/wp\/v2\/einsatzart?post=3342"},{"taxonomy":"fahrzeug","embeddable":true,"href":"https:\/\/feuerwehrwoerth.de\/index.php\/wp-json\/wp\/v2\/fahrzeug?post=3342"},{"taxonomy":"exteinsatzmittel","embeddable":true,"href":"https:\/\/feuerwehrwoerth.de\/index.php\/wp-json\/wp\/v2\/exteinsatzmittel?post=3342"},{"taxonomy":"alarmierungsart","embeddable":true,"href":"https:\/\/feuerwehrwoerth.de\/index.php\/wp-json\/wp\/v2\/alarmierungsart?post=3342"},{"taxonomy":"evw_unit","embeddable":true,"href":"https:\/\/feuerwehrwoerth.de\/index.php\/wp-json\/wp\/v2\/evw_unit?post=3342"}],"curies":[{"name":"wp","href":"https:\/\/api.w.org\/{rel}","templated":true}]}}