{"id":4224,"date":"2022-10-30T14:00:00","date_gmt":"2022-10-30T13:00:00","guid":{"rendered":"https:\/\/feuerwehrwoerth.de\/?post_type=einsatz&#038;p=4224"},"modified":"2022-11-13T10:08:38","modified_gmt":"2022-11-13T09:08:38","slug":"tierrettung-4","status":"publish","type":"einsatz","link":"https:\/\/feuerwehrwoerth.de\/index.php\/einsatzberichte\/tierrettung-4\/","title":{"rendered":"Tierrettung"},"content":{"rendered":"\n<p>Auf dem R\u00fcckweg vom Einsatz in B\u00fcchelberg kamen unsere Einsatzkr\u00e4fte zu einer Situation, bei der sich ein Pferd in Zwangslage befand. Bei unserem Eintreffen war bereits ein Veterin\u00e4r mit der Behandlung des verletzten Tiers besch\u00e4ftigt. Wir unterst\u00fctzten ihn und die ebenfalls anwesende Berufstierrettung Rhein Neckar dabei, das Pferd wieder auf die Hufe zu stellen. Hierzu kam unser Drehleiterfahrzeug und ein spezielles Hebegeschirr f\u00fcr Pferde zum Einsatz. Dieses wird durch die Kr\u00e4fte der Tierrettung mitgef\u00fchrt. Leider waren die Verletzungen des Pferdes so gravierend, dass sich der anwesende Tierarzt nach mehreren Versuchen das Tier aufzustellen daf\u00fcr entschied, es zu erl\u00f6sen. Wir unterst\u00fctzen noch bei den weiteren Ma\u00dfnahmen und konnten den Einsatz gegen 17 Uhr beenden.<\/p>\n","protected":false},"author":1,"featured_media":4225,"template":"","meta":{"advgb_blocks_editor_width":"","advgb_blocks_columns_visual_guide":"","ngg_post_thumbnail":0,"einsatz_weight":1,"footnotes":""},"categories":[],"einsatzart":[5],"fahrzeug":[17,48,3,15],"exteinsatzmittel":[9,128],"alarmierungsart":[],"evw_unit":[43],"class_list":["post-4224","einsatz","type-einsatz","status-publish","has-post-thumbnail","hentry","einsatzart-technische-hilfeleistung","fahrzeug-dlk-23-12","fahrzeug-fez","fahrzeug-hlf-20-16","fahrzeug-elw-1","exteinsatzmittel-polizei","exteinsatzmittel-berufstierrettung-rhein-neckar","evw_unit-woerth-am-rhein"],"featured_img":"https:\/\/feuerwehrwoerth.de\/wp-content\/uploads\/2022\/11\/tierrettung_artikelbild-e1681294077191.jpg","coauthors":[],"author_meta":{"author_link":"https:\/\/feuerwehrwoerth.de\/index.php\/author\/chris\/","display_name":"Christian"},"relative_dates":{"created":"Posted 4\u00a0Jahren ago","modified":"Updated 3\u00a0Jahren ago"},"absolute_dates":{"created":"Posted on 30. Oktober 2022","modified":"Updated on 13. November 2022"},"absolute_dates_time":{"created":"Posted on 30. Oktober 2022 14:00","modified":"Updated on 13. November 2022 10:08"},"featured_img_caption":"","tax_additional":{"category":{"linked":[],"unlinked":[],"slug":"category","name":"Kategorien"},"einsatzart":{"linked":["<a href=\"https:\/\/feuerwehrwoerth.de\/index.php\/einsatzart\/technische-hilfeleistung\/\" class=\"advgb-post-tax-term\">Technische Hilfeleistung<\/a>"],"unlinked":["<span class=\"advgb-post-tax-term\">Technische Hilfeleistung<\/span>"],"slug":"einsatzart","name":"Einsatzarten"},"fahrzeug":{"linked":["<a href=\"https:\/\/feuerwehrwoerth.de\/index.php\/fahrzeug\/dlk-23-12\/\" class=\"advgb-post-tax-term\">1\/34 (DL(A)K 23\/12)<\/a>","<a href=\"https:\/\/feuerwehrwoerth.de\/index.php\/fahrzeug\/fez\/\" class=\"advgb-post-tax-term\">FEZ<\/a>","<a href=\"https:\/\/feuerwehrwoerth.de\/index.php\/fahrzeug\/hlf-20-16\/\" class=\"advgb-post-tax-term\">1\/46 (HLF 20\/16)<\/a>","<a href=\"https:\/\/feuerwehrwoerth.de\/index.php\/fahrzeug\/elw-1\/\" class=\"advgb-post-tax-term\">1\/11 (ELW 1)<\/a>"],"unlinked":["<span class=\"advgb-post-tax-term\">1\/34 (DL(A)K 23\/12)<\/span>","<span class=\"advgb-post-tax-term\">FEZ<\/span>","<span class=\"advgb-post-tax-term\">1\/46 (HLF 20\/16)<\/span>","<span class=\"advgb-post-tax-term\">1\/11 (ELW 1)<\/span>"],"slug":"fahrzeug","name":"Fahrzeuge"},"exteinsatzmittel":{"linked":["<a href=\"https:\/\/feuerwehrwoerth.de\/index.php\/externe-einsatzmittel\/polizei\/\" class=\"advgb-post-tax-term\">Polizei<\/a>","<a href=\"https:\/\/feuerwehrwoerth.de\/index.php\/externe-einsatzmittel\/berufstierrettung-rhein-neckar\/\" class=\"advgb-post-tax-term\">Berufstierrettung Rhein-Neckar<\/a>"],"unlinked":["<span class=\"advgb-post-tax-term\">Polizei<\/span>","<span class=\"advgb-post-tax-term\">Berufstierrettung Rhein-Neckar<\/span>"],"slug":"exteinsatzmittel","name":"Externe Einsatzmittel"},"alarmierungsart":{"linked":[],"unlinked":[],"slug":"alarmierungsart","name":"Alarmierungsarten"},"evw_unit":{"linked":["<a href=\"https:\/\/feuerwehrwoerth.de\/index.php\/evw_unit\/woerth-am-rhein\/\" class=\"advgb-post-tax-term\">W\u00f6rth<\/a>"],"unlinked":["<span class=\"advgb-post-tax-term\">W\u00f6rth<\/span>"],"slug":"evw_unit","name":"Einheiten"}},"series_order":"","jetpack_sharing_enabled":true,"_links":{"self":[{"href":"https:\/\/feuerwehrwoerth.de\/index.php\/wp-json\/wp\/v2\/einsatz\/4224","targetHints":{"allow":["GET"]}}],"collection":[{"href":"https:\/\/feuerwehrwoerth.de\/index.php\/wp-json\/wp\/v2\/einsatz"}],"about":[{"href":"https:\/\/feuerwehrwoerth.de\/index.php\/wp-json\/wp\/v2\/types\/einsatz"}],"author":[{"embeddable":true,"href":"https:\/\/feuerwehrwoerth.de\/index.php\/wp-json\/wp\/v2\/users\/1"}],"version-history":[{"count":2,"href":"https:\/\/feuerwehrwoerth.de\/index.php\/wp-json\/wp\/v2\/einsatz\/4224\/revisions"}],"predecessor-version":[{"id":4249,"href":"https:\/\/feuerwehrwoerth.de\/index.php\/wp-json\/wp\/v2\/einsatz\/4224\/revisions\/4249"}],"wp:featuredmedia":[{"embeddable":true,"href":"https:\/\/feuerwehrwoerth.de\/index.php\/wp-json\/wp\/v2\/media\/4225"}],"wp:attachment":[{"href":"https:\/\/feuerwehrwoerth.de\/index.php\/wp-json\/wp\/v2\/media?parent=4224"}],"wp:term":[{"taxonomy":"category","embeddable":true,"href":"https:\/\/feuerwehrwoerth.de\/index.php\/wp-json\/wp\/v2\/categories?post=4224"},{"taxonomy":"einsatzart","embeddable":true,"href":"https:\/\/feuerwehrwoerth.de\/index.php\/wp-json\/wp\/v2\/einsatzart?post=4224"},{"taxonomy":"fahrzeug","embeddable":true,"href":"https:\/\/feuerwehrwoerth.de\/index.php\/wp-json\/wp\/v2\/fahrzeug?post=4224"},{"taxonomy":"exteinsatzmittel","embeddable":true,"href":"https:\/\/feuerwehrwoerth.de\/index.php\/wp-json\/wp\/v2\/exteinsatzmittel?post=4224"},{"taxonomy":"alarmierungsart","embeddable":true,"href":"https:\/\/feuerwehrwoerth.de\/index.php\/wp-json\/wp\/v2\/alarmierungsart?post=4224"},{"taxonomy":"evw_unit","embeddable":true,"href":"https:\/\/feuerwehrwoerth.de\/index.php\/wp-json\/wp\/v2\/evw_unit?post=4224"}],"curies":[{"name":"wp","href":"https:\/\/api.w.org\/{rel}","templated":true}]}}