{"id":4985,"date":"2023-05-31T17:31:00","date_gmt":"2023-05-31T15:31:00","guid":{"rendered":"https:\/\/feuerwehrwoerth.de\/?post_type=einsatz&#038;p=4985"},"modified":"2023-06-01T17:13:29","modified_gmt":"2023-06-01T15:13:29","slug":"lagerhallenbrand","status":"publish","type":"einsatz","link":"https:\/\/feuerwehrwoerth.de\/index.php\/einsatzberichte\/lagerhallenbrand\/","title":{"rendered":"Lagerhallenbrand"},"content":{"rendered":"\n<p>Am 31.05.2023 gegen 17:30 Uhr wurde die <a href=\"http:\/\/feuerwehr-kandel.de\" target=\"_blank\" rel=\"noreferrer noopener\">Feuerwehr&nbsp;der Stadt&nbsp;Kandel<\/a> unter dem Stichwort \u201eFl\u00e4chenbrand\u201c in die Stra\u00dfe \u201eAm&nbsp;Ettenbaum\u201c am \u00f6stlichen Ortsrand von Kandel alarmiert. Aufgrund des gemeinde\u00fcbergreifenden Wald- und Fl\u00e4chenbrandkonzepts wurde von der Integrierten Leitstelle (ILS) Landau direkt&nbsp;bei der Erstalarmierung&nbsp;die Feuerwehr der Stadt W\u00f6rth&nbsp;hinzugerufen.<\/p>\n\n\n\n<p>Bereits auf der Anfahrt war eine starke schwarze Rauchentwicklung&nbsp;sichtbar, die auf einen Geb\u00e4udebrand hindeutete. Deshalb lie\u00df Einsatzleiter Alexander Ditz noch vor Eintreffen die Alarmstufe auf \u201eFeuer 2\u201c erh\u00f6hen, um die Ortswehren aus Steinweiler und&nbsp;Minfeld&nbsp;zu alarmieren.<\/p>\n\n\n\n<p>Bei Eintreffen zeigte sich, dass eine landwirtschaftlich genutzte Lagerhalle&nbsp;von ca. 1.200 qm Fl\u00e4che&nbsp;in Vollbrand stand.&nbsp;In direkter Nachbarschaft stand ein noch unversehrtes Wohnhaus.&nbsp;Daher erh\u00f6hte Einsatzleiter&nbsp;Alexander Ditz sofort&nbsp;die Alarmstufe auf \u201eFeuer 3\u201c, was Vollalarm f\u00fcr alle Ortswehren der VG Kandel bedeutete.<\/p>\n\n\n\n<p>Wichtigste Faktoren in der Erstphase waren&nbsp;eine m\u00f6gliche Menschenrettung, der Schutz der umliegenden Geb\u00e4ude sowie die Herstellung einer ausreichenden Wasserversorgung. Die Erkundung ergab, dass keine Menschen und Tiere bedroht waren.&nbsp;<\/p>\n\n\n\n<p>Somit konzentrierte sich der Einsatz zun\u00e4chst auf den Schutz des Wohngeb\u00e4udes. Die Feuerwehr Kandel schirmte dieses mit mehreren Strahlrohren vor Flammen und Hitzestrahlung ab.&nbsp;Durch diesen Einsatz konnte das Geb\u00e4ude unbesch\u00e4digt gehalten werden.&nbsp;Gleichzeitig&nbsp;begann die Feuerwehr Kandel mit weiteren Strahlrohren einen Au\u00dfenangriff an der Nordseite der Halle. Ein Innenangriff war wegen der Hitzeentwicklung und der Statik der Halle nicht m\u00f6glich.&nbsp;<\/p>\n\n\n\n<p>Aufgrund der Gr\u00f6\u00dfe der Einsatzstelle wurden zwei Abschnitte&nbsp;(Nord und&nbsp;S\u00fcd) gebildet. Auf der S\u00fcdseite begannen die Feuerwehren aus W\u00f6rth und&nbsp;Minfeld&nbsp;mit einem&nbsp;zweiten&nbsp;Au\u00dfenangriff. Die Drehleiter der Feuerwehr Kandel bek\u00e4mpfte den Brand von oben mit einem Wenderohr.<\/p>\n\n\n\n<p>Die nachr\u00fcckenden Kr\u00e4fte&nbsp;der \u00fcbrigen Ortswehren&nbsp;begannen mit dem Aufbau einer zus\u00e4tzlichen Wasserversorgung&nbsp;\u00fcber lange Schlauchleitungen. Sie wurden dabei von Mitarbeitern des Wasserwerks der VG Kandel und&nbsp;mehreren&nbsp;Landwirten unterst\u00fctzt. Letztere brachten L\u00f6schwasser mit ihren Traktoren und zwei F\u00e4ssern (landwirtschaftliche Anh\u00e4nger zum Wassertransport) zur Einsatzstelle.<\/p>\n\n\n\n<p>Aufgrund der Vielzahl der Einsatzkr\u00e4fte und auch wegen der warmen Temperaturen wurden weitere logistische Ma\u00dfnahmen ergriffen. Die Schnelleinsatzgruppen \u201eSEG-V\u201c (Verpflegung) und \u201eSEG-B\u201c (Betreuung)&nbsp;wurden&nbsp;alarmiert, um den Einsatzkr\u00e4ften Getr\u00e4nke und einen schattigen Platz f\u00fcr&nbsp;Pausen zu verschaffen. Die nahe gelegene Autobahnmeisterei stellte dabei dankenswerterweise ihre Fl\u00e4chen im Hof f\u00fcr den Aufbau der Zelte sowie ihre sanit\u00e4ren Anlagen zur Verf\u00fcgung.<\/p>\n\n\n\n<p>Aufgrund der starken Rauchentwicklung wurde \u00fcber die Katastrophenschutz-App \u201eKATWARN\u201c eine Warnung an die Bev\u00f6lkerung herausgegeben, verbunden mit der Aufforderung, Fenster und T\u00fcren zu schlie\u00dfen. Nachdem von einem Messfahrzeug der Feuerwehr W\u00f6rth in der Umgebung die Schadstoffkonzentration gemessen worden war, konnte die Warnung wieder aufgehoben werden.<\/p>\n\n\n\n<p>Die Lagerhalle wurde v\u00f6llig zerst\u00f6rt, das Dach st\u00fcrzte im Brandverlauf teilweise ein. In der Halle fielen eine Lauchwaschmaschine,&nbsp;Kisten und&nbsp;Material f\u00fcr Verpackung und Transport von Gem\u00fcse sowie landwirtschaftliche Ger\u00e4te und Gabelstapler den Flammen zum Opfer.<\/p>\n\n\n\n<p>Zahlreiche Schaulustige befanden sich in der Umgebung der Einsatzstelle, die den Einsatz jedoch nicht behinderten. Die Polizei sperrte den Kreisverkehr \u201eRheinstra\u00dfe\/RheinzabernerStra\u00dfe\u201c nahe der ARAL-Tankstelle, um die Zufahrtswege f\u00fcr die Feuerwehr frei zu halten.<\/p>\n\n\n\n<p>Im Einsatz waren rund 180 Einsatzkr\u00e4fte der Feuerwehren der Verbandsgemeinden Kandel und W\u00f6rth, der Schnelleinsatzgruppen&nbsp;\u201eVerpflegung\u201c&nbsp;und&nbsp;\u201eBetreuung\u201c&nbsp;sowie der Sanit\u00e4tsbereitschaft.&nbsp;Direkt am Brandobjekt&nbsp;waren rund 30 Einsatzkr\u00e4fte unter schwerem Atemschutz zur Brandbek\u00e4mpfung eingesetzt, die \u00fcbrigen Kr\u00e4fte arbeiteten an der Wasserversorgung und der Einsatzlogistik. Die Feuerwehr der Stadt Kandel war mit 11 Fahrzeugen, die Feuerwehren der Ortsgemeinden der VG Kandel mit 14 Fahrzeugen, die Feuerwehr W\u00f6rth mit 5 Fahrzeugen im Einsatz.<\/p>\n\n\n\n<p>W\u00e4hrend des Einsatzes an der Lagerhalle in Kandel kam es zu zwei Paralleleins\u00e4tzen in Steinweiler. Gemeldet wurde&nbsp;ein Einsatz&nbsp;\u201eRauch aus Geb\u00e4ude\u201c,&nbsp;der&nbsp;von der Feuerwehr Rohrbach der VG&nbsp;Herxheim&nbsp;angefahren wurde. Damit&nbsp;noch&nbsp;nicht genug wurde ein <a href=\"https:\/\/feuerwehrwoerth.de\/index.php\/einsatzberichte\/pkw-brand-4\/\" data-type=\"einsatz\" data-id=\"4990\" target=\"_blank\" rel=\"noreferrer noopener\">Pkw-Vollbrand<\/a> gemeldet. Dieser Einsatz wurde von Fahrzeugen der Feuerwehren&nbsp;Winden,&nbsp;Kandel und W\u00f6rth angefahren.<\/p>\n\n\n\n<p>Der B\u00fcrgermeister der Verbandsgemeinde Kandel, Volker Po\u00df, war ebenfalls an der Einsatzstelle anwesend, um sich ein Bild der Lage zu verschaffen. Er bedankte sich herzlich bei allen Einsatzkr\u00e4ften, insbesondere auch den Ortswehren der VG Kandel sowie den Kr\u00e4ften aus W\u00f6rth und Rohrbach, die&nbsp;die&nbsp;Feuerwehr Kandel&nbsp;bei&nbsp;der Bek\u00e4mpfung des Gro\u00dfbrandes unterst\u00fctzten.<\/p>\n\n\n\n<figure class=\"wp-block-gallery has-nested-images columns-default is-cropped wp-block-gallery-1 is-layout-flex wp-block-gallery-is-layout-flex\">\n<figure class=\"wp-block-image size-large\"><img loading=\"lazy\" decoding=\"async\" width=\"480\" height=\"640\" data-id=\"5002\" src=\"https:\/\/feuerwehrwoerth.de\/wp-content\/uploads\/2023\/06\/2023-05-31-lagerhallenbrand-6.jpeg\" alt=\"\" class=\"wp-image-5002\" srcset=\"https:\/\/feuerwehrwoerth.de\/wp-content\/uploads\/2023\/06\/2023-05-31-lagerhallenbrand-6.jpeg 480w, https:\/\/feuerwehrwoerth.de\/wp-content\/uploads\/2023\/06\/2023-05-31-lagerhallenbrand-6-225x300.jpeg 225w\" sizes=\"auto, (max-width: 480px) 100vw, 480px\" \/><\/figure>\n\n\n\n<figure class=\"wp-block-image size-large\"><img loading=\"lazy\" decoding=\"async\" width=\"768\" height=\"1024\" data-id=\"5000\" src=\"https:\/\/feuerwehrwoerth.de\/wp-content\/uploads\/2023\/06\/2023-05-31-lagerhallenbrand-5-768x1024.jpeg\" alt=\"\" class=\"wp-image-5000\" srcset=\"https:\/\/feuerwehrwoerth.de\/wp-content\/uploads\/2023\/06\/2023-05-31-lagerhallenbrand-5-768x1024.jpeg 768w, https:\/\/feuerwehrwoerth.de\/wp-content\/uploads\/2023\/06\/2023-05-31-lagerhallenbrand-5-225x300.jpeg 225w, https:\/\/feuerwehrwoerth.de\/wp-content\/uploads\/2023\/06\/2023-05-31-lagerhallenbrand-5-1152x1536.jpeg 1152w, https:\/\/feuerwehrwoerth.de\/wp-content\/uploads\/2023\/06\/2023-05-31-lagerhallenbrand-5-500x667.jpeg 500w, https:\/\/feuerwehrwoerth.de\/wp-content\/uploads\/2023\/06\/2023-05-31-lagerhallenbrand-5-800x1067.jpeg 800w, https:\/\/feuerwehrwoerth.de\/wp-content\/uploads\/2023\/06\/2023-05-31-lagerhallenbrand-5-1280x1707.jpeg 1280w, https:\/\/feuerwehrwoerth.de\/wp-content\/uploads\/2023\/06\/2023-05-31-lagerhallenbrand-5.jpeg 1500w\" sizes=\"auto, (max-width: 768px) 100vw, 768px\" \/><\/figure>\n\n\n\n<figure class=\"wp-block-image size-large\"><img loading=\"lazy\" decoding=\"async\" width=\"1024\" height=\"768\" data-id=\"4998\" src=\"https:\/\/feuerwehrwoerth.de\/wp-content\/uploads\/2023\/06\/2023-05-31-lagerhallenbrand-4-1024x768.jpeg\" alt=\"\" class=\"wp-image-4998\" srcset=\"https:\/\/feuerwehrwoerth.de\/wp-content\/uploads\/2023\/06\/2023-05-31-lagerhallenbrand-4-1024x768.jpeg 1024w, https:\/\/feuerwehrwoerth.de\/wp-content\/uploads\/2023\/06\/2023-05-31-lagerhallenbrand-4-300x225.jpeg 300w, https:\/\/feuerwehrwoerth.de\/wp-content\/uploads\/2023\/06\/2023-05-31-lagerhallenbrand-4-768x576.jpeg 768w, https:\/\/feuerwehrwoerth.de\/wp-content\/uploads\/2023\/06\/2023-05-31-lagerhallenbrand-4-1536x1152.jpeg 1536w, https:\/\/feuerwehrwoerth.de\/wp-content\/uploads\/2023\/06\/2023-05-31-lagerhallenbrand-4-500x375.jpeg 500w, https:\/\/feuerwehrwoerth.de\/wp-content\/uploads\/2023\/06\/2023-05-31-lagerhallenbrand-4-800x600.jpeg 800w, https:\/\/feuerwehrwoerth.de\/wp-content\/uploads\/2023\/06\/2023-05-31-lagerhallenbrand-4-1280x960.jpeg 1280w, https:\/\/feuerwehrwoerth.de\/wp-content\/uploads\/2023\/06\/2023-05-31-lagerhallenbrand-4-1920x1440.jpeg 1920w, https:\/\/feuerwehrwoerth.de\/wp-content\/uploads\/2023\/06\/2023-05-31-lagerhallenbrand-4.jpeg 2000w\" sizes=\"auto, (max-width: 1024px) 100vw, 1024px\" \/><\/figure>\n\n\n\n<figure class=\"wp-block-image size-large\"><img loading=\"lazy\" decoding=\"async\" width=\"640\" height=\"480\" data-id=\"4997\" src=\"https:\/\/feuerwehrwoerth.de\/wp-content\/uploads\/2023\/06\/2023-05-31-lagerhallenbrand-3.jpeg\" alt=\"\" class=\"wp-image-4997\" srcset=\"https:\/\/feuerwehrwoerth.de\/wp-content\/uploads\/2023\/06\/2023-05-31-lagerhallenbrand-3.jpeg 640w, https:\/\/feuerwehrwoerth.de\/wp-content\/uploads\/2023\/06\/2023-05-31-lagerhallenbrand-3-300x225.jpeg 300w, https:\/\/feuerwehrwoerth.de\/wp-content\/uploads\/2023\/06\/2023-05-31-lagerhallenbrand-3-500x375.jpeg 500w\" sizes=\"auto, (max-width: 640px) 100vw, 640px\" \/><\/figure>\n\n\n\n<figure class=\"wp-block-image size-large\"><img loading=\"lazy\" decoding=\"async\" width=\"1024\" height=\"768\" data-id=\"5001\" src=\"https:\/\/feuerwehrwoerth.de\/wp-content\/uploads\/2023\/06\/2023-05-31-lagerhallenbrand-2-1024x768.jpeg\" alt=\"\" class=\"wp-image-5001\" srcset=\"https:\/\/feuerwehrwoerth.de\/wp-content\/uploads\/2023\/06\/2023-05-31-lagerhallenbrand-2-1024x768.jpeg 1024w, https:\/\/feuerwehrwoerth.de\/wp-content\/uploads\/2023\/06\/2023-05-31-lagerhallenbrand-2-300x225.jpeg 300w, https:\/\/feuerwehrwoerth.de\/wp-content\/uploads\/2023\/06\/2023-05-31-lagerhallenbrand-2-768x576.jpeg 768w, https:\/\/feuerwehrwoerth.de\/wp-content\/uploads\/2023\/06\/2023-05-31-lagerhallenbrand-2-1536x1152.jpeg 1536w, https:\/\/feuerwehrwoerth.de\/wp-content\/uploads\/2023\/06\/2023-05-31-lagerhallenbrand-2-500x375.jpeg 500w, https:\/\/feuerwehrwoerth.de\/wp-content\/uploads\/2023\/06\/2023-05-31-lagerhallenbrand-2-800x600.jpeg 800w, https:\/\/feuerwehrwoerth.de\/wp-content\/uploads\/2023\/06\/2023-05-31-lagerhallenbrand-2-1280x960.jpeg 1280w, https:\/\/feuerwehrwoerth.de\/wp-content\/uploads\/2023\/06\/2023-05-31-lagerhallenbrand-2-1920x1440.jpeg 1920w, https:\/\/feuerwehrwoerth.de\/wp-content\/uploads\/2023\/06\/2023-05-31-lagerhallenbrand-2.jpeg 2000w\" sizes=\"auto, (max-width: 1024px) 100vw, 1024px\" \/><\/figure>\n\n\n\n<figure class=\"wp-block-image size-large\"><img loading=\"lazy\" decoding=\"async\" width=\"1024\" height=\"768\" data-id=\"4999\" src=\"https:\/\/feuerwehrwoerth.de\/wp-content\/uploads\/2023\/06\/2023-05-31-lagerhallenbrand-1-1024x768.jpeg\" alt=\"\" class=\"wp-image-4999\" srcset=\"https:\/\/feuerwehrwoerth.de\/wp-content\/uploads\/2023\/06\/2023-05-31-lagerhallenbrand-1-1024x768.jpeg 1024w, https:\/\/feuerwehrwoerth.de\/wp-content\/uploads\/2023\/06\/2023-05-31-lagerhallenbrand-1-300x225.jpeg 300w, https:\/\/feuerwehrwoerth.de\/wp-content\/uploads\/2023\/06\/2023-05-31-lagerhallenbrand-1-768x576.jpeg 768w, https:\/\/feuerwehrwoerth.de\/wp-content\/uploads\/2023\/06\/2023-05-31-lagerhallenbrand-1-1536x1152.jpeg 1536w, https:\/\/feuerwehrwoerth.de\/wp-content\/uploads\/2023\/06\/2023-05-31-lagerhallenbrand-1-500x375.jpeg 500w, https:\/\/feuerwehrwoerth.de\/wp-content\/uploads\/2023\/06\/2023-05-31-lagerhallenbrand-1-800x600.jpeg 800w, https:\/\/feuerwehrwoerth.de\/wp-content\/uploads\/2023\/06\/2023-05-31-lagerhallenbrand-1-1280x960.jpeg 1280w, https:\/\/feuerwehrwoerth.de\/wp-content\/uploads\/2023\/06\/2023-05-31-lagerhallenbrand-1-1920x1440.jpeg 1920w, https:\/\/feuerwehrwoerth.de\/wp-content\/uploads\/2023\/06\/2023-05-31-lagerhallenbrand-1.jpeg 2048w\" sizes=\"auto, (max-width: 1024px) 100vw, 1024px\" \/><\/figure>\n\n\n\n<figure class=\"wp-block-image size-large\"><img loading=\"lazy\" decoding=\"async\" width=\"768\" height=\"1024\" data-id=\"5006\" src=\"https:\/\/feuerwehrwoerth.de\/wp-content\/uploads\/2023\/06\/2023-05-31-lagerhallenbrand-7-768x1024.jpeg\" alt=\"\" class=\"wp-image-5006\" srcset=\"https:\/\/feuerwehrwoerth.de\/wp-content\/uploads\/2023\/06\/2023-05-31-lagerhallenbrand-7-768x1024.jpeg 768w, https:\/\/feuerwehrwoerth.de\/wp-content\/uploads\/2023\/06\/2023-05-31-lagerhallenbrand-7-225x300.jpeg 225w, https:\/\/feuerwehrwoerth.de\/wp-content\/uploads\/2023\/06\/2023-05-31-lagerhallenbrand-7-1152x1536.jpeg 1152w, https:\/\/feuerwehrwoerth.de\/wp-content\/uploads\/2023\/06\/2023-05-31-lagerhallenbrand-7-500x667.jpeg 500w, https:\/\/feuerwehrwoerth.de\/wp-content\/uploads\/2023\/06\/2023-05-31-lagerhallenbrand-7-800x1067.jpeg 800w, https:\/\/feuerwehrwoerth.de\/wp-content\/uploads\/2023\/06\/2023-05-31-lagerhallenbrand-7-1280x1707.jpeg 1280w, https:\/\/feuerwehrwoerth.de\/wp-content\/uploads\/2023\/06\/2023-05-31-lagerhallenbrand-7.jpeg 1500w\" sizes=\"auto, (max-width: 768px) 100vw, 768px\" \/><\/figure>\n\n\n\n<figure class=\"wp-block-image size-large\"><img loading=\"lazy\" decoding=\"async\" width=\"768\" height=\"1024\" data-id=\"5005\" src=\"https:\/\/feuerwehrwoerth.de\/wp-content\/uploads\/2023\/06\/2023-05-31-lagerhallenbrand-8-768x1024.jpeg\" alt=\"\" class=\"wp-image-5005\" srcset=\"https:\/\/feuerwehrwoerth.de\/wp-content\/uploads\/2023\/06\/2023-05-31-lagerhallenbrand-8-768x1024.jpeg 768w, https:\/\/feuerwehrwoerth.de\/wp-content\/uploads\/2023\/06\/2023-05-31-lagerhallenbrand-8-225x300.jpeg 225w, https:\/\/feuerwehrwoerth.de\/wp-content\/uploads\/2023\/06\/2023-05-31-lagerhallenbrand-8-1152x1536.jpeg 1152w, https:\/\/feuerwehrwoerth.de\/wp-content\/uploads\/2023\/06\/2023-05-31-lagerhallenbrand-8-500x667.jpeg 500w, https:\/\/feuerwehrwoerth.de\/wp-content\/uploads\/2023\/06\/2023-05-31-lagerhallenbrand-8-800x1067.jpeg 800w, https:\/\/feuerwehrwoerth.de\/wp-content\/uploads\/2023\/06\/2023-05-31-lagerhallenbrand-8-1280x1707.jpeg 1280w, https:\/\/feuerwehrwoerth.de\/wp-content\/uploads\/2023\/06\/2023-05-31-lagerhallenbrand-8.jpeg 1500w\" sizes=\"auto, (max-width: 768px) 100vw, 768px\" \/><\/figure>\n<\/figure>\n\n\n\n<blockquote class=\"wp-block-quote is-layout-flow wp-block-quote-is-layout-flow\">\n<p><\/p>\n<cite>Text: Felix Mack (Feuerwehr Kandel)<br>Bilder: Feuerwehr Kandel<\/cite><\/blockquote>\n","protected":false},"author":1,"featured_media":5004,"template":"","meta":{"advgb_blocks_editor_width":"","advgb_blocks_columns_visual_guide":"","ngg_post_thumbnail":0,"einsatz_weight":1,"footnotes":""},"categories":[38],"einsatzart":[4],"fahrzeug":[25,29,30,37,48,114,3,17,22],"exteinsatzmittel":[84,97,98,108,151,9,10,50],"alarmierungsart":[],"evw_unit":[46,43,44,45],"class_list":["post-4985","einsatz","type-einsatz","status-publish","has-post-thumbnail","hentry","category-einsatzbericht","einsatzart-brand","fahrzeug-tlf-16-25-schaidt","fahrzeug-mtf-buechelberg","fahrzeug-ab-tank","fahrzeug-wlf","fahrzeug-fez","fahrzeug-einsatzdrohne","fahrzeug-hlf-20-16","fahrzeug-dlk-23-12","fahrzeug-lf-10-6-maximiliansau","exteinsatzmittel-klaerwerk","exteinsatzmittel-seg-b","exteinsatzmittel-seg-v","exteinsatzmittel-seg-san","exteinsatzmittel-energieversorger","exteinsatzmittel-polizei","exteinsatzmittel-rettungsdienst","exteinsatzmittel-feuerwehr-kandel","evw_unit-buechelberg","evw_unit-woerth-am-rhein","evw_unit-maximiliansau","evw_unit-schaidt"],"featured_img":"https:\/\/feuerwehrwoerth.de\/wp-content\/uploads\/2023\/05\/2023-05-31-lagerhallenbrand-artikelbild.jpeg","coauthors":[],"author_meta":{"author_link":"https:\/\/feuerwehrwoerth.de\/index.php\/author\/chris\/","display_name":"Christian"},"relative_dates":{"created":"Posted 3\u00a0Jahren ago","modified":"Updated 3\u00a0Jahren ago"},"absolute_dates":{"created":"Posted on 31. Mai 2023","modified":"Updated on 1. Juni 2023"},"absolute_dates_time":{"created":"Posted on 31. Mai 2023 17:31","modified":"Updated on 1. Juni 2023 17:13"},"featured_img_caption":"","tax_additional":{"category":{"linked":["<a href=\"https:\/\/feuerwehrwoerth.de\/index.php\/category\/einsatzbericht\/\" class=\"advgb-post-tax-term\">Einsatzbericht<\/a>"],"unlinked":["<span class=\"advgb-post-tax-term\">Einsatzbericht<\/span>"],"slug":"category","name":"Kategorien"},"einsatzart":{"linked":["<a href=\"https:\/\/feuerwehrwoerth.de\/index.php\/einsatzart\/brand\/\" class=\"advgb-post-tax-term\">Brand<\/a>"],"unlinked":["<span class=\"advgb-post-tax-term\">Brand<\/span>"],"slug":"einsatzart","name":"Einsatzarten"},"fahrzeug":{"linked":["<a href=\"https:\/\/feuerwehrwoerth.de\/index.php\/fahrzeug\/tlf-16-25-schaidt\/\" class=\"advgb-post-tax-term\">3\/23 (TLF 16\/25)<\/a>","<a href=\"https:\/\/feuerwehrwoerth.de\/index.php\/fahrzeug\/mtf-buechelberg\/\" class=\"advgb-post-tax-term\">4\/19 (MTF)<\/a>","<a href=\"https:\/\/feuerwehrwoerth.de\/index.php\/fahrzeug\/ab-tank\/\" class=\"advgb-post-tax-term\">AB-Tank<\/a>","<a href=\"https:\/\/feuerwehrwoerth.de\/index.php\/fahrzeug\/wlf\/\" class=\"advgb-post-tax-term\">1\/65 (WLF)<\/a>","<a href=\"https:\/\/feuerwehrwoerth.de\/index.php\/fahrzeug\/fez\/\" class=\"advgb-post-tax-term\">FEZ<\/a>","<a href=\"https:\/\/feuerwehrwoerth.de\/index.php\/fahrzeug\/einsatzdrohne\/\" class=\"advgb-post-tax-term\">Einsatzdrohne<\/a>","<a href=\"https:\/\/feuerwehrwoerth.de\/index.php\/fahrzeug\/hlf-20-16\/\" class=\"advgb-post-tax-term\">1\/46 (HLF 20\/16)<\/a>","<a href=\"https:\/\/feuerwehrwoerth.de\/index.php\/fahrzeug\/dlk-23-12\/\" class=\"advgb-post-tax-term\">1\/34 (DL(A)K 23\/12)<\/a>","<a href=\"https:\/\/feuerwehrwoerth.de\/index.php\/fahrzeug\/lf-10-6-maximiliansau\/\" class=\"advgb-post-tax-term\">2\/44\/1 (LF 10\/6)<\/a>"],"unlinked":["<span class=\"advgb-post-tax-term\">3\/23 (TLF 16\/25)<\/span>","<span class=\"advgb-post-tax-term\">4\/19 (MTF)<\/span>","<span class=\"advgb-post-tax-term\">AB-Tank<\/span>","<span class=\"advgb-post-tax-term\">1\/65 (WLF)<\/span>","<span class=\"advgb-post-tax-term\">FEZ<\/span>","<span class=\"advgb-post-tax-term\">Einsatzdrohne<\/span>","<span class=\"advgb-post-tax-term\">1\/46 (HLF 20\/16)<\/span>","<span class=\"advgb-post-tax-term\">1\/34 (DL(A)K 23\/12)<\/span>","<span class=\"advgb-post-tax-term\">2\/44\/1 (LF 10\/6)<\/span>"],"slug":"fahrzeug","name":"Fahrzeuge"},"exteinsatzmittel":{"linked":["<a href=\"https:\/\/feuerwehrwoerth.de\/index.php\/externe-einsatzmittel\/klaerwerk\/\" class=\"advgb-post-tax-term\">Kl\u00e4rwerk<\/a>","<a href=\"https:\/\/feuerwehrwoerth.de\/index.php\/externe-einsatzmittel\/seg-b\/\" class=\"advgb-post-tax-term\">SEG-B<\/a>","<a href=\"https:\/\/feuerwehrwoerth.de\/index.php\/externe-einsatzmittel\/seg-v\/\" class=\"advgb-post-tax-term\">SEG-V<\/a>","<a href=\"https:\/\/feuerwehrwoerth.de\/index.php\/externe-einsatzmittel\/seg-san\/\" class=\"advgb-post-tax-term\">SEG-San<\/a>","<a href=\"https:\/\/feuerwehrwoerth.de\/index.php\/externe-einsatzmittel\/energieversorger\/\" class=\"advgb-post-tax-term\">Energieversorger<\/a>","<a href=\"https:\/\/feuerwehrwoerth.de\/index.php\/externe-einsatzmittel\/polizei\/\" class=\"advgb-post-tax-term\">Polizei<\/a>","<a href=\"https:\/\/feuerwehrwoerth.de\/index.php\/externe-einsatzmittel\/rettungsdienst\/\" class=\"advgb-post-tax-term\">Rettungsdienst<\/a>","<a href=\"https:\/\/feuerwehrwoerth.de\/index.php\/externe-einsatzmittel\/feuerwehr-kandel\/\" class=\"advgb-post-tax-term\">Feuerwehr Kandel<\/a>"],"unlinked":["<span class=\"advgb-post-tax-term\">Kl\u00e4rwerk<\/span>","<span class=\"advgb-post-tax-term\">SEG-B<\/span>","<span class=\"advgb-post-tax-term\">SEG-V<\/span>","<span class=\"advgb-post-tax-term\">SEG-San<\/span>","<span class=\"advgb-post-tax-term\">Energieversorger<\/span>","<span class=\"advgb-post-tax-term\">Polizei<\/span>","<span class=\"advgb-post-tax-term\">Rettungsdienst<\/span>","<span class=\"advgb-post-tax-term\">Feuerwehr Kandel<\/span>"],"slug":"exteinsatzmittel","name":"Externe Einsatzmittel"},"alarmierungsart":{"linked":[],"unlinked":[],"slug":"alarmierungsart","name":"Alarmierungsarten"},"evw_unit":{"linked":["<a href=\"https:\/\/feuerwehrwoerth.de\/index.php\/evw_unit\/buechelberg\/\" class=\"advgb-post-tax-term\">B\u00fcchelberg<\/a>","<a href=\"https:\/\/feuerwehrwoerth.de\/index.php\/evw_unit\/woerth-am-rhein\/\" class=\"advgb-post-tax-term\">W\u00f6rth<\/a>","<a href=\"https:\/\/feuerwehrwoerth.de\/index.php\/evw_unit\/maximiliansau\/\" class=\"advgb-post-tax-term\">Maximiliansau<\/a>","<a href=\"https:\/\/feuerwehrwoerth.de\/index.php\/evw_unit\/schaidt\/\" class=\"advgb-post-tax-term\">Schaidt<\/a>"],"unlinked":["<span class=\"advgb-post-tax-term\">B\u00fcchelberg<\/span>","<span class=\"advgb-post-tax-term\">W\u00f6rth<\/span>","<span class=\"advgb-post-tax-term\">Maximiliansau<\/span>","<span class=\"advgb-post-tax-term\">Schaidt<\/span>"],"slug":"evw_unit","name":"Einheiten"}},"series_order":"","jetpack_sharing_enabled":true,"_links":{"self":[{"href":"https:\/\/feuerwehrwoerth.de\/index.php\/wp-json\/wp\/v2\/einsatz\/4985","targetHints":{"allow":["GET"]}}],"collection":[{"href":"https:\/\/feuerwehrwoerth.de\/index.php\/wp-json\/wp\/v2\/einsatz"}],"about":[{"href":"https:\/\/feuerwehrwoerth.de\/index.php\/wp-json\/wp\/v2\/types\/einsatz"}],"author":[{"embeddable":true,"href":"https:\/\/feuerwehrwoerth.de\/index.php\/wp-json\/wp\/v2\/users\/1"}],"version-history":[{"count":8,"href":"https:\/\/feuerwehrwoerth.de\/index.php\/wp-json\/wp\/v2\/einsatz\/4985\/revisions"}],"predecessor-version":[{"id":5007,"href":"https:\/\/feuerwehrwoerth.de\/index.php\/wp-json\/wp\/v2\/einsatz\/4985\/revisions\/5007"}],"wp:featuredmedia":[{"embeddable":true,"href":"https:\/\/feuerwehrwoerth.de\/index.php\/wp-json\/wp\/v2\/media\/5004"}],"wp:attachment":[{"href":"https:\/\/feuerwehrwoerth.de\/index.php\/wp-json\/wp\/v2\/media?parent=4985"}],"wp:term":[{"taxonomy":"category","embeddable":true,"href":"https:\/\/feuerwehrwoerth.de\/index.php\/wp-json\/wp\/v2\/categories?post=4985"},{"taxonomy":"einsatzart","embeddable":true,"href":"https:\/\/feuerwehrwoerth.de\/index.php\/wp-json\/wp\/v2\/einsatzart?post=4985"},{"taxonomy":"fahrzeug","embeddable":true,"href":"https:\/\/feuerwehrwoerth.de\/index.php\/wp-json\/wp\/v2\/fahrzeug?post=4985"},{"taxonomy":"exteinsatzmittel","embeddable":true,"href":"https:\/\/feuerwehrwoerth.de\/index.php\/wp-json\/wp\/v2\/exteinsatzmittel?post=4985"},{"taxonomy":"alarmierungsart","embeddable":true,"href":"https:\/\/feuerwehrwoerth.de\/index.php\/wp-json\/wp\/v2\/alarmierungsart?post=4985"},{"taxonomy":"evw_unit","embeddable":true,"href":"https:\/\/feuerwehrwoerth.de\/index.php\/wp-json\/wp\/v2\/evw_unit?post=4985"}],"curies":[{"name":"wp","href":"https:\/\/api.w.org\/{rel}","templated":true}]}}