{"id":6108,"date":"2024-06-11T17:07:00","date_gmt":"2024-06-11T15:07:00","guid":{"rendered":"https:\/\/feuerwehrwoerth.de\/?post_type=einsatz&#038;p=6108"},"modified":"2024-06-12T23:25:56","modified_gmt":"2024-06-12T21:25:56","slug":"flaechenbrand-klein-9","status":"publish","type":"einsatz","link":"https:\/\/feuerwehrwoerth.de\/index.php\/einsatzberichte\/flaechenbrand-klein-9\/","title":{"rendered":"Fl\u00e4chenbrand klein"},"content":{"rendered":"\n<p>Zusammen mit den Kameraden aus Maximiliansau wurden wir zu einem gemeldeten Fl\u00e4chenbrand im Hafen W\u00f6rth alarmiert. An der Einsatzstelle eingetroffen brannte es auf einer Fl\u00e4che von ca. 10qm. Der Brand konnte mit einem Strahlrohr z\u00fcgig gel\u00f6scht\u00a0werden.<\/p>\n\n\n\nngg_shortcode_0_placeholder\n","protected":false},"author":1,"featured_media":6128,"template":"","meta":{"advgb_blocks_editor_width":"","advgb_blocks_columns_visual_guide":"","ngg_post_thumbnail":0,"einsatz_weight":1,"footnotes":""},"categories":[],"einsatzart":[4],"fahrzeug":[3,13,15,30,37,48],"exteinsatzmittel":[],"alarmierungsart":[],"evw_unit":[43,44],"class_list":["post-6108","einsatz","type-einsatz","status-publish","has-post-thumbnail","hentry","einsatzart-brand","fahrzeug-hlf-20-16","fahrzeug-lf-kats-maximiliansau","fahrzeug-elw-1","fahrzeug-ab-tank","fahrzeug-wlf","fahrzeug-fez","evw_unit-woerth-am-rhein","evw_unit-maximiliansau"],"featured_img":"https:\/\/feuerwehrwoerth.de\/wp-content\/uploads\/2024\/06\/2024-06-12-brand_artikelbild.jpg","coauthors":[],"author_meta":{"author_link":"https:\/\/feuerwehrwoerth.de\/index.php\/author\/chris\/","display_name":"Christian"},"relative_dates":{"created":"Posted 2\u00a0Jahren ago","modified":"Updated 2\u00a0Jahren ago"},"absolute_dates":{"created":"Posted on 11. Juni 2024","modified":"Updated on 12. Juni 2024"},"absolute_dates_time":{"created":"Posted on 11. Juni 2024 17:07","modified":"Updated on 12. Juni 2024 23:25"},"featured_img_caption":"","tax_additional":{"category":{"linked":[],"unlinked":[],"slug":"category","name":"Kategorien"},"einsatzart":{"linked":["<a href=\"https:\/\/feuerwehrwoerth.de\/index.php\/einsatzart\/brand\/\" class=\"advgb-post-tax-term\">Brand<\/a>"],"unlinked":["<span class=\"advgb-post-tax-term\">Brand<\/span>"],"slug":"einsatzart","name":"Einsatzarten"},"fahrzeug":{"linked":["<a href=\"https:\/\/feuerwehrwoerth.de\/index.php\/fahrzeug\/hlf-20-16\/\" class=\"advgb-post-tax-term\">1\/46 (HLF 20\/16)<\/a>","<a href=\"https:\/\/feuerwehrwoerth.de\/index.php\/fahrzeug\/lf-kats-maximiliansau\/\" class=\"advgb-post-tax-term\">2\/48 (LF KatS)<\/a>","<a href=\"https:\/\/feuerwehrwoerth.de\/index.php\/fahrzeug\/elw-1\/\" class=\"advgb-post-tax-term\">1\/11 (ELW 1)<\/a>","<a href=\"https:\/\/feuerwehrwoerth.de\/index.php\/fahrzeug\/ab-tank\/\" class=\"advgb-post-tax-term\">AB-Tank<\/a>","<a href=\"https:\/\/feuerwehrwoerth.de\/index.php\/fahrzeug\/wlf\/\" class=\"advgb-post-tax-term\">1\/65 (WLF)<\/a>","<a href=\"https:\/\/feuerwehrwoerth.de\/index.php\/fahrzeug\/fez\/\" class=\"advgb-post-tax-term\">FEZ<\/a>"],"unlinked":["<span class=\"advgb-post-tax-term\">1\/46 (HLF 20\/16)<\/span>","<span class=\"advgb-post-tax-term\">2\/48 (LF KatS)<\/span>","<span class=\"advgb-post-tax-term\">1\/11 (ELW 1)<\/span>","<span class=\"advgb-post-tax-term\">AB-Tank<\/span>","<span class=\"advgb-post-tax-term\">1\/65 (WLF)<\/span>","<span class=\"advgb-post-tax-term\">FEZ<\/span>"],"slug":"fahrzeug","name":"Fahrzeuge"},"exteinsatzmittel":{"linked":[],"unlinked":[],"slug":"exteinsatzmittel","name":"Externe Einsatzmittel"},"alarmierungsart":{"linked":[],"unlinked":[],"slug":"alarmierungsart","name":"Alarmierungsarten"},"evw_unit":{"linked":["<a href=\"https:\/\/feuerwehrwoerth.de\/index.php\/evw_unit\/woerth-am-rhein\/\" class=\"advgb-post-tax-term\">W\u00f6rth<\/a>","<a href=\"https:\/\/feuerwehrwoerth.de\/index.php\/evw_unit\/maximiliansau\/\" class=\"advgb-post-tax-term\">Maximiliansau<\/a>"],"unlinked":["<span class=\"advgb-post-tax-term\">W\u00f6rth<\/span>","<span class=\"advgb-post-tax-term\">Maximiliansau<\/span>"],"slug":"evw_unit","name":"Einheiten"}},"series_order":"","jetpack_sharing_enabled":true,"_links":{"self":[{"href":"https:\/\/feuerwehrwoerth.de\/index.php\/wp-json\/wp\/v2\/einsatz\/6108","targetHints":{"allow":["GET"]}}],"collection":[{"href":"https:\/\/feuerwehrwoerth.de\/index.php\/wp-json\/wp\/v2\/einsatz"}],"about":[{"href":"https:\/\/feuerwehrwoerth.de\/index.php\/wp-json\/wp\/v2\/types\/einsatz"}],"author":[{"embeddable":true,"href":"https:\/\/feuerwehrwoerth.de\/index.php\/wp-json\/wp\/v2\/users\/1"}],"version-history":[{"count":2,"href":"https:\/\/feuerwehrwoerth.de\/index.php\/wp-json\/wp\/v2\/einsatz\/6108\/revisions"}],"predecessor-version":[{"id":6129,"href":"https:\/\/feuerwehrwoerth.de\/index.php\/wp-json\/wp\/v2\/einsatz\/6108\/revisions\/6129"}],"wp:featuredmedia":[{"embeddable":true,"href":"https:\/\/feuerwehrwoerth.de\/index.php\/wp-json\/wp\/v2\/media\/6128"}],"wp:attachment":[{"href":"https:\/\/feuerwehrwoerth.de\/index.php\/wp-json\/wp\/v2\/media?parent=6108"}],"wp:term":[{"taxonomy":"category","embeddable":true,"href":"https:\/\/feuerwehrwoerth.de\/index.php\/wp-json\/wp\/v2\/categories?post=6108"},{"taxonomy":"einsatzart","embeddable":true,"href":"https:\/\/feuerwehrwoerth.de\/index.php\/wp-json\/wp\/v2\/einsatzart?post=6108"},{"taxonomy":"fahrzeug","embeddable":true,"href":"https:\/\/feuerwehrwoerth.de\/index.php\/wp-json\/wp\/v2\/fahrzeug?post=6108"},{"taxonomy":"exteinsatzmittel","embeddable":true,"href":"https:\/\/feuerwehrwoerth.de\/index.php\/wp-json\/wp\/v2\/exteinsatzmittel?post=6108"},{"taxonomy":"alarmierungsart","embeddable":true,"href":"https:\/\/feuerwehrwoerth.de\/index.php\/wp-json\/wp\/v2\/alarmierungsart?post=6108"},{"taxonomy":"evw_unit","embeddable":true,"href":"https:\/\/feuerwehrwoerth.de\/index.php\/wp-json\/wp\/v2\/evw_unit?post=6108"}],"curies":[{"name":"wp","href":"https:\/\/api.w.org\/{rel}","templated":true}]}}